{"id":2650,"date":"2021-11-29T14:07:14","date_gmt":"2021-11-29T13:07:14","guid":{"rendered":"https:\/\/www.sprachschule-aktiv.at\/home\/"},"modified":"2024-01-10T06:01:03","modified_gmt":"2024-01-10T05:01:03","slug":"home","status":"publish","type":"page","link":"https:\/\/www.sprachschule-aktiv.at\/es\/","title":{"rendered":"Home"},"content":{"rendered":"<p>[vc_row full_width=&#8221;stretch_row_content_no_spaces&#8221; content_placement=&#8221;middle&#8221; css=&#8221;.vc_custom_1704705771608{background-color: #efedee !important;background-position: 0 0 !important;background-repeat: repeat !important;}&#8221;][vc_column width=&#8221;1\/2&#8243;][vc_single_image image=&#8221;2651&#8243; img_size=&#8221;full&#8221; alignment=&#8221;center&#8221;][\/vc_column][vc_column width=&#8221;1\/2&#8243; css=&#8221;.vc_custom_1609834442227{background-position: center !important;background-repeat: no-repeat !important;background-size: contain !important;}&#8221;][vc_column_text css=&#8221;.vc_custom_1704788242349{margin-left: 15px !important;}&#8221;]<\/p>\n<div class=\"titulointro\" style=\"text-align: center;\"><span style=\"color: #000000;\"><span style=\"font-size: 40px; line-height: 1;\"><strong>Aprende alem\u00e1n en Austria\u00a0<\/strong><\/span><\/span><\/div>\n<p>[\/vc_column_text][vc_row_inner css=&#8221;.vc_custom_1609833991579{margin-top: 10px !important;}&#8221;][vc_column_inner]\t<div class=\"vc_btn3-container vc_btn3-center\">\n\t\t<a href=\"https:\/\/www.sprachschule-aktiv.at\/es\/contactar\/\" class=\"pgs_btn pgs_btn_style_1 pgs_btn_xl  vc_custom_1704796206016\">\n\t\t\t<span>\n\t\t\t\tContacta con nosotros\t\t\t<\/span>\n\t\t\t\t\t\t<i class=\"fas fa-angle-double-right\"><\/i>\n\t\t\t\t\t<\/a>\n\t<\/div>\n\t\t<div class=\"vc_btn3-container vc_btn3-center\">\n\t\t<a href=\"https:\/\/www.sprachschule-aktiv.at\/es\/inscripcion-curso-aleman\/\" class=\"pgs_btn pgs_btn_style_1 pgs_btn_lg  vc_custom_1704796235950\">\n\t\t\t<span>\n\t\t\t\tInscr\u00edbete ahora\t\t\t<\/span>\n\t\t\t\t\t\t<i class=\"fas fa-angle-double-right\"><\/i>\n\t\t\t\t\t<\/a>\n\t<\/div>\n\t[\/vc_column_inner][\/vc_row_inner][\/vc_column][\/vc_row][vc_row type=&#8221;in_container&#8221; full_screen_row_position=&#8221;middle&#8221; scene_position=&#8221;center&#8221; text_color=&#8221;dark&#8221; text_align=&#8221;left&#8221; overlay_strength=&#8221;0.3&#8243; shape_divider_position=&#8221;bottom&#8221; css=&#8221;.vc_custom_1675840889443{margin-top: 30px !important;}&#8221;][vc_column column_padding=&#8221;no-extra-padding&#8221; column_padding_position=&#8221;all&#8221; background_color_opacity=&#8221;1&#8243; background_hover_color_opacity=&#8221;1&#8243; column_shadow=&#8221;none&#8221; column_border_radius=&#8221;none&#8221; tablet_text_alignment=&#8221;default&#8221; phone_text_alignment=&#8221;default&#8221; column_border_width=&#8221;none&#8221; column_border_style=&#8221;solid&#8221;][vc_column_text]<\/p>\n<h1>Cursos de alem\u00e1n en Austria &#8211; descubre nuestra escuela de alem\u00e1n<\/h1>\n<h2>Cursos Intensivos, clases particulares, cursos Online y de preparaci\u00f3n \u00d6IF &amp; \u00d6SD<\/h2>\n<p>Descubre los mejores cursos de alem\u00e1n en Austria en la escuela de alem\u00e1n <strong>&#8220;Sprachschule Aktiv&#8221;<\/strong>: cursos intensivos, clases particulares, cursos online y de preparaci\u00f3n \u00d6IF &amp; \u00d6SD disponibles. Ofrecemos una ense\u00f1anza de alta calidad en ciudades como Viena, Innsbruck, Salzburg, Graz y Linz, entre otras. Aprende alem\u00e1n de forma r\u00e1pida e interactiva con profesores expertos y en grupos reducidos para una mejor atenci\u00f3n personalizada. Descubre la variedad de nuestros cursos de alem\u00e1n en Austria y comienza tu aventura ling\u00fc\u00edstica con una clase de prueba gratuita. \u00a1Reserva ya tu curso de alem\u00e1n![\/vc_column_text]\t<div class=\"vc_btn3-container vc_btn3-inline\">\n\t\t<a href=\"https:\/\/www.sprachschule-aktiv.at\/es\/contactar\/\" class=\"pgs_btn pgs_btn_style_1 pgs_btn_lg  vc_custom_1704796296316\">\n\t\t\t<span>\n\t\t\t\tContacta con nosotros\t\t\t<\/span>\n\t\t\t\t\t\t<i class=\"fas fa-angle-double-right\"><\/i>\n\t\t\t\t\t<\/a>\n\t<\/div>\n\t[vc_row_inner][vc_column_inner width=&#8221;1\/2&#8243;][vc_video link=&#8221;https:\/\/youtu.be\/JOvJI8b4z_E?si=Mh-S0-lV-LViocy1&#8243;][\/vc_column_inner][vc_column_inner width=&#8221;1\/2&#8243;][vc_video link=&#8221;https:\/\/youtu.be\/8FEh6N5gn7k?si=aYbaXCTaLXyeUOmO&#8221;][\/vc_column_inner][\/vc_row_inner][vc_row_inner][vc_column_inner][vc_column_text]<\/p>\n<h2>Todo sobre los cursos de alem\u00e1n en Austria: Precios, fechas de inicio y variedad de cursos<\/h2>\n<p>[\/vc_column_text][vc_column_text]Descubre todo lo que necesitas saber sobre los cursos de alem\u00e1n en Austria, desde los costos hasta las fechas de inicio y la amplia selecci\u00f3n de cursos disponibles. Nuestros programas integrales ofrecen opciones flexibles para todos los niveles y necesidades, tanto para principiantes como para avanzados. Inf\u00f3rmate sobre precios accesibles, fechas de inicio convenientes y encuentra el curso perfecto que cumpla con tus objetivos ling\u00fc\u00edsticos en Austria. \u00a1Reserva ahora tu lecci\u00f3n de prueba gratuita![\/vc_column_text][vc_column_text]<\/p>\n<h2>Descubre nuestros exclusivos cursos de alem\u00e1n en Austria<\/h2>\n<p>[\/vc_column_text][vc_column_text]Descubre nuestra selecci\u00f3n de exclusivos cursos de alem\u00e1n en Austria, dise\u00f1ados espec\u00edficamente para mejorar tus habilidades ling\u00fc\u00edsticas de manera efectiva. Desde cursos para principiantes hasta niveles avanzados, ofrecemos cursos de alem\u00e1n a medida que se adaptan a tus necesidades individuales. Nuestros experimentados hablantes nativos dirigen los cursos y garantizan una experiencia de aprendizaje inmersiva.[\/vc_column_text]\t<div class=\"vc_btn3-container vc_btn3-inline\">\n\t\t<a href=\"https:\/\/www.sprachschule-aktiv.at\/es\/contactar\/\" class=\"pgs_btn pgs_btn_style_1 pgs_btn_lg  vc_custom_1704796296316\">\n\t\t\t<span>\n\t\t\t\tContacta con nosotros\t\t\t<\/span>\n\t\t\t\t\t\t<i class=\"fas fa-angle-double-right\"><\/i>\n\t\t\t\t\t<\/a>\n\t<\/div>\n\t[\/vc_column_inner][\/vc_row_inner][\/vc_column][\/vc_row][vc_row full_width=&#8221;stretch_row_content&#8221; content_placement=&#8221;middle&#8221; type=&#8221;in_container&#8221; full_screen_row_position=&#8221;middle&#8221; scene_position=&#8221;center&#8221; text_color=&#8221;dark&#8221; text_align=&#8221;left&#8221; overlay_strength=&#8221;0.3&#8243; shape_divider_position=&#8221;bottom&#8221; css=&#8221;.vc_custom_1638171250303{margin-top: 30px !important;padding-top: 0px !important;padding-bottom: 0px !important;background-color: #f8f8f8 !important;}&#8221;][vc_column width=&#8221;1\/2&#8243; column_padding=&#8221;no-extra-padding&#8221; column_padding_position=&#8221;all&#8221; background_color_opacity=&#8221;1&#8243; background_hover_color_opacity=&#8221;1&#8243; column_shadow=&#8221;none&#8221; column_border_radius=&#8221;none&#8221; tablet_text_alignment=&#8221;default&#8221; phone_text_alignment=&#8221;default&#8221; column_border_width=&#8221;none&#8221; column_border_style=&#8221;solid&#8221;][vc_single_image image=&#8221;2656&#8243; img_size=&#8221;full&#8221; alignment=&#8221;center&#8221;][\/vc_column][vc_column width=&#8221;1\/2&#8243;][vc_column_text]<\/p>\n<h2>Cursos intensivos de alem\u00e1n en toda Austria \u2013 A1, A2, B1, B2, C1, C2 \u2013 presenciales u online<\/h2>\n<p>Duraci\u00f3n del curso: 1 a 8 semanas<br \/>\nHorarios: Lunes a viernes de 9:00 a 12:00 o de 18:00 a 21:00<br \/>\nNota: a partir de 5 personas: 3\u00d760 min diarios, con 4 personas 2\u00d760 min diarios<br \/>\nFechas de inicio: cada primer lunes del mes.<\/p>\n<p>Costos:<br \/>\n1 semana: 199 euros<br \/>\n2 semanas: 349 euros<br \/>\n3 semanas: 449 euros<br \/>\n4 semanas: 499 euros<br \/>\n8 semanas: 998 euros[\/vc_column_text]\t<div class=\"vc_btn3-container vc_btn3-left\">\n\t\t<a href=\"https:\/\/www.sprachschule-aktiv.at\/es\/inscripcion-curso-aleman\/\" title=\"Inscribirse ahora\" class=\"pgs_btn pgs_btn_style_1 pgs_btn_lg\">\n\t\t\t<span>\n\t\t\t\tInscr\u00edbete ahora\t\t\t<\/span>\n\t\t\t\t\t\t<i class=\"fas fa-sign-out-alt\"><\/i>\n\t\t\t\t\t<\/a>\n\t<\/div>\n\t[\/vc_column][\/vc_row][vc_row content_placement=&#8221;middle&#8221; type=&#8221;in_container&#8221; full_screen_row_position=&#8221;middle&#8221; scene_position=&#8221;center&#8221; text_color=&#8221;dark&#8221; text_align=&#8221;left&#8221; overlay_strength=&#8221;0.3&#8243; shape_divider_position=&#8221;bottom&#8221; css=&#8221;.vc_custom_1704788644852{padding-top: 35px !important;padding-bottom: 35px !important;}&#8221;][vc_column column_padding=&#8221;no-extra-padding&#8221; column_padding_position=&#8221;all&#8221; background_color_opacity=&#8221;1&#8243; background_hover_color_opacity=&#8221;1&#8243; column_shadow=&#8221;none&#8221; column_border_radius=&#8221;none&#8221; tablet_text_alignment=&#8221;default&#8221; phone_text_alignment=&#8221;default&#8221; column_border_width=&#8221;none&#8221; column_border_style=&#8221;solid&#8221; css=&#8221;.vc_custom_1704788608027{background-color: #f8f8f8 !important;}&#8221;][vc_column_text css=&#8221;.vc_custom_1704788416456{padding-left: 30px !important;}&#8221;]<\/p>\n<h2>Cursos de alem\u00e1n por la tarde \u2013 presenciales u online<\/h2>\n<p>Costo: 279 euros<br \/>\nInicio: el primer lunes o martes del mes<br \/>\nHorarios: Lunes y mi\u00e9rcoles \/ Martes y jueves, 17:30-19:00 o 19:00- 20:30<br \/>\nDuraci\u00f3n del curso:<br \/>\nCon 4 personas = 24 unidades de 45 minutos (6 semanas)<br \/>\nCon 3 personas = 20 unidades de 45 minutos (5 semanas)<br \/>\nCon 2 personas = 16 unidades de 45 minutos (4 semanas)<br \/>\nPrecio: 279 euros[\/vc_column_text]\t<div class=\"vc_btn3-container vc_btn3-left\">\n\t\t<a href=\"https:\/\/www.sprachschule-aktiv.at\/es\/inscripcion-curso-aleman\/\" title=\"Inscribirse ahora\" class=\"pgs_btn pgs_btn_style_1 pgs_btn_lg\">\n\t\t\t<span>\n\t\t\t\tInscr\u00edbete ahora\t\t\t<\/span>\n\t\t\t\t\t\t<i class=\"fas fa-sign-out-alt\"><\/i>\n\t\t\t\t\t<\/a>\n\t<\/div>\n\t[\/vc_column][\/vc_row][vc_row content_placement=&#8221;middle&#8221; type=&#8221;in_container&#8221; full_screen_row_position=&#8221;middle&#8221; scene_position=&#8221;center&#8221; text_color=&#8221;dark&#8221; text_align=&#8221;left&#8221; overlay_strength=&#8221;0.3&#8243; shape_divider_position=&#8221;bottom&#8221; css=&#8221;.vc_custom_1704788875423{margin-top: 10px !important;padding-top: 35px !important;padding-bottom: 35px !important;}&#8221;][vc_column column_padding=&#8221;no-extra-padding&#8221; column_padding_position=&#8221;all&#8221; background_color_opacity=&#8221;1&#8243; background_hover_color_opacity=&#8221;1&#8243; column_shadow=&#8221;none&#8221; column_border_radius=&#8221;none&#8221; tablet_text_alignment=&#8221;default&#8221; phone_text_alignment=&#8221;default&#8221; column_border_width=&#8221;none&#8221; column_border_style=&#8221;solid&#8221; css=&#8221;.vc_custom_1704788608027{background-color: #f8f8f8 !important;}&#8221;][vc_column_text css=&#8221;.vc_custom_1704788724310{margin-top: 10px !important;padding-left: 30px !important;}&#8221;]<\/p>\n<h2>Clases particulares de alem\u00e1n en toda Austria \u2013 presenciales, online, en tu casa<\/h2>\n<p>\u00bfCu\u00e1nto cuesta una clase particular?<br \/>\nPrecio por unidad de 45 minutos \u2013 \u00a1Cuanto m\u00e1s horas reserves, m\u00e1s econ\u00f3mico es!<\/p>\n<p>A partir de 10 unidades: 48 euros por unidad<br \/>\nA partir de 20 unidades: 45 euros por unidad<br \/>\nA partir de 50 unidades: 40 euros por unidad<br \/>\nA partir de 80 unidades: 38 euros por unidad[\/vc_column_text]\t<div class=\"vc_btn3-container vc_btn3-left\">\n\t\t<a href=\"https:\/\/www.sprachschule-aktiv.at\/es\/inscripcion-curso-aleman\/\" title=\"Inscribirse ahora\" class=\"pgs_btn pgs_btn_style_1 pgs_btn_lg\">\n\t\t\t<span>\n\t\t\t\tInscr\u00edbete ahora\t\t\t<\/span>\n\t\t\t\t\t\t<i class=\"fas fa-sign-out-alt\"><\/i>\n\t\t\t\t\t<\/a>\n\t<\/div>\n\t[\/vc_column][\/vc_row][vc_row full_width=&#8221;stretch_row_content&#8221; content_placement=&#8221;middle&#8221; type=&#8221;in_container&#8221; full_screen_row_position=&#8221;middle&#8221; scene_position=&#8221;center&#8221; text_color=&#8221;dark&#8221; text_align=&#8221;left&#8221; overlay_strength=&#8221;0.3&#8243; shape_divider_position=&#8221;bottom&#8221; css=&#8221;.vc_custom_1602744837410{background-color: #f8f8f8 !important;}&#8221;][vc_column width=&#8221;1\/2&#8243; column_padding=&#8221;no-extra-padding&#8221; column_padding_position=&#8221;all&#8221; background_color_opacity=&#8221;1&#8243; background_hover_color_opacity=&#8221;1&#8243; column_shadow=&#8221;none&#8221; column_border_radius=&#8221;none&#8221; tablet_text_alignment=&#8221;default&#8221; phone_text_alignment=&#8221;default&#8221; column_border_width=&#8221;none&#8221; column_border_style=&#8221;solid&#8221;][vc_single_image image=&#8221;2664&#8243; img_size=&#8221;full&#8221; alignment=&#8221;center&#8221;][\/vc_column][vc_column width=&#8221;1\/2&#8243;][vc_column_text css=&#8221;.vc_custom_1704788473231{margin-bottom: 40px !important;}&#8221;]<\/p>\n<h2>Cursos de alem\u00e1n \u00d6IF\/\u00d6SD<\/h2>\n<p>Te preparamos para los ex\u00e1menes del Fondo de Integraci\u00f3n de Austria (\u00d6IF), que se realizan en los niveles de A1 a B2, y para el examen \u00d6SD en el nivel C1.<br \/>\nDuraci\u00f3n del curso: 4 u 8 semanas<br \/>\nNiveles: de A1 a C2<br \/>\nHorarios: de lunes a viernes, 8:00\u201311:00, 11:00\u201314:00, 14:00-17:00, 18:00\u201321:00<br \/>\nNota: a partir de 5 personas: 3\u00d760 min diarios, con 4 personas 2\u00d760 min diarios<br \/>\nPrecios:<br \/>\n4 semanas: 499 euros<br \/>\n8 semanas: 998 euros[\/vc_column_text]\t<div class=\"vc_btn3-container vc_btn3-left\">\n\t\t<a href=\"https:\/\/www.sprachschule-aktiv.at\/es\/inscripcion-curso-aleman\/\" title=\"Inscribirse ahora\" class=\"pgs_btn pgs_btn_style_1 pgs_btn_lg\">\n\t\t\t<span>\n\t\t\t\tInscr\u00edbete ahora\t\t\t<\/span>\n\t\t\t\t\t\t<i class=\"fas fa-sign-out-alt\"><\/i>\n\t\t\t\t\t<\/a>\n\t<\/div>\n\t[\/vc_column][\/vc_row][vc_row type=&#8221;full_width_content&#8221; full_screen_row_position=&#8221;middle&#8221; bg_color=&#8221;#ffffff&#8221; scene_position=&#8221;center&#8221; text_color=&#8221;dark&#8221; text_align=&#8221;left&#8221; id=&#8221;section-zero&#8221; overlay_strength=&#8221;0.3&#8243; shape_divider_position=&#8221;bottom&#8221; shape_type=&#8221;&#8221; css=&#8221;.vc_custom_1638176127927{margin-top: 35px !important;background-color: #ffffff !important;}&#8221;][vc_column column_padding=&#8221;no-extra-padding&#8221; column_padding_position=&#8221;all&#8221; background_color_opacity=&#8221;1&#8243; background_hover_color_opacity=&#8221;1&#8243; column_shadow=&#8221;none&#8221; column_border_radius=&#8221;none&#8221; tablet_text_alignment=&#8221;default&#8221; phone_text_alignment=&#8221;default&#8221; column_border_width=&#8221;none&#8221; column_border_style=&#8221;solid&#8221;][vc_column_text]<\/p>\n<h2>Cursos de preparaci\u00f3n para los ex\u00e1menes \u00d6IF y \u00d6SD (A1-C1)<\/h2>\n<p>Te explicaremos de antemano c\u00f3mo se desarrollar\u00e1 el examen, te mostraremos su estructura, en qu\u00e9 debes concentrarte y discutiremos las soluciones despu\u00e9s de una pr\u00e1ctica.<br \/>\nTipo de curso: Clases particulares<br \/>\nInicio del curso: seg\u00fan acuerdo<\/p>\n<p>Precios y fechas:<br \/>\nCosto por unidad de 45 minutos:<br \/>\n\u00a1Benef\u00edciate de nuestros precios escalonados \u2013 cuanto m\u00e1s unidades reserves, m\u00e1s bajo ser\u00e1 el precio por unidad!<br \/>\n\u2013 Para 10 unidades: 48 euros por unidad<br \/>\n\u2013 Para 20 unidades: 45 euros por unidad<br \/>\n\u2013 Para 50 unidades: 40 euros por unidad<br \/>\n\u2013 Para 80 unidades: 38 euros por unidad[\/vc_column_text][\/vc_column][\/vc_row]<\/p>\n","protected":false},"excerpt":{"rendered":"<p>[vc_row full_width=&#8221;stretch_row_content_no_spaces&#8221; content_placement=&#8221;middle&#8221; css=&#8221;.vc_custom_1704705771608{background-color: #efedee !important;background-position: 0 0 !important;background-repeat: repeat !important;}&#8221;][vc_column width=&#8221;1\/2&#8243;][vc_single_image image=&#8221;2651&#8243; img_size=&#8221;full&#8221; alignment=&#8221;center&#8221;][\/vc_column][vc_column width=&#8221;1\/2&#8243; css=&#8221;.vc_custom_1609834442227{background-position: center !important;background-repeat: no-repeat !important;background-size: contain !important;}&#8221;][vc_column_text css=&#8221;.vc_custom_1704788242349{margin-left: 15px !important;}&#8221;] Aprende alem\u00e1n en Austria\u00a0 [\/vc_column_text][vc_row_inner css=&#8221;.vc_custom_1609833991579{margin-top: 10px !important;}&#8221;][vc_column_inner][\/vc_column_inner][\/vc_row_inner][\/vc_column][\/vc_row][vc_row type=&#8221;in_container&#8221; full_screen_row_position=&#8221;middle&#8221; scene_position=&#8221;center&#8221; text_color=&#8221;dark&#8221; text_align=&#8221;left&#8221; overlay_strength=&#8221;0.3&#8243; shape_divider_position=&#8221;bottom&#8221; css=&#8221;.vc_custom_1675840889443{margin-top: 30px !important;}&#8221;][vc_column column_padding=&#8221;no-extra-padding&#8221; column_padding_position=&#8221;all&#8221; background_color_opacity=&#8221;1&#8243; background_hover_color_opacity=&#8221;1&#8243; column_shadow=&#8221;none&#8221; column_border_radius=&#8221;none&#8221; tablet_text_alignment=&#8221;default&#8221; phone_text_alignment=&#8221;default&#8221; column_border_width=&#8221;none&#8221; column_border_style=&#8221;solid&#8221;][vc_column_text] Cursos&hellip; <a class=\"read-more\" href=\"https:\/\/www.sprachschule-aktiv.at\/es\/\" title=\"Read Home\">Read more &raquo;<\/a><\/p>\n","protected":false},"author":1,"featured_media":0,"parent":0,"menu_order":0,"comment_status":"closed","ping_status":"closed","template":"","meta":{"footnotes":""},"class_list":["post-2650","page","type-page","status-publish","hentry"],"yoast_head":"<!-- This site is optimized with the Yoast SEO plugin v27.4 - https:\/\/yoast.com\/product\/yoast-seo-wordpress\/ -->\n<title>Cursos de alem\u00e1n en Austria: Viena, Graz, Linz, Salzburgo<\/title>\n<meta name=\"description\" content=\"Descubre los mejores cursos de alem\u00e1n en toda Austria: Cursos intensivos A1-C2, clases particulares, online y \u00d6IF &amp; \u00d6SD.\" \/>\n<meta name=\"robots\" content=\"index, follow, max-snippet:-1, max-image-preview:large, max-video-preview:-1\" \/>\n<link rel=\"canonical\" href=\"https:\/\/www.sprachschule-aktiv.at\/es\/\" \/>\n<meta property=\"og:locale\" content=\"es_ES\" \/>\n<meta property=\"og:type\" content=\"article\" \/>\n<meta property=\"og:title\" content=\"Cursos de alem\u00e1n en Austria: Viena, Graz, Linz, Salzburgo\" \/>\n<meta property=\"og:description\" content=\"Descubre los mejores cursos de alem\u00e1n en toda Austria: Cursos intensivos A1-C2, clases particulares, online y \u00d6IF &amp; \u00d6SD.\" \/>\n<meta property=\"og:url\" content=\"https:\/\/www.sprachschule-aktiv.at\/es\/\" \/>\n<meta property=\"og:site_name\" content=\"Sprachschule Aktiv AT\" \/>\n<meta property=\"article:modified_time\" content=\"2024-01-10T05:01:03+00:00\" \/>\n<meta property=\"og:image\" content=\"https:\/\/www.sprachschule-aktiv.at\/wp-content\/uploads\/2024\/01\/unsere-deutschkurse-in-ganz-oesterreich.webp\" \/>\n<meta name=\"twitter:card\" content=\"summary_large_image\" \/>\n<meta name=\"twitter:label1\" content=\"Tiempo de lectura\" \/>\n\t<meta name=\"twitter:data1\" content=\"7 minutos\" \/>\n<script type=\"application\/ld+json\" class=\"yoast-schema-graph\">{\"@context\":\"https:\\\/\\\/schema.org\",\"@graph\":[{\"@type\":\"WebPage\",\"@id\":\"https:\\\/\\\/www.sprachschule-aktiv.at\\\/es\\\/\",\"url\":\"https:\\\/\\\/www.sprachschule-aktiv.at\\\/es\\\/\",\"name\":\"Cursos de alem\u00e1n en Austria: Viena, Graz, Linz, Salzburgo\",\"isPartOf\":{\"@id\":\"https:\\\/\\\/www.sprachschule-aktiv.at\\\/#website\"},\"datePublished\":\"2021-11-29T13:07:14+00:00\",\"dateModified\":\"2024-01-10T05:01:03+00:00\",\"description\":\"Descubre los mejores cursos de alem\u00e1n en toda Austria: Cursos intensivos A1-C2, clases particulares, online y \u00d6IF & \u00d6SD.\",\"breadcrumb\":{\"@id\":\"https:\\\/\\\/www.sprachschule-aktiv.at\\\/es\\\/#breadcrumb\"},\"inLanguage\":\"es\",\"potentialAction\":[{\"@type\":\"ReadAction\",\"target\":[\"https:\\\/\\\/www.sprachschule-aktiv.at\\\/es\\\/\"]}]},{\"@type\":\"BreadcrumbList\",\"@id\":\"https:\\\/\\\/www.sprachschule-aktiv.at\\\/es\\\/#breadcrumb\",\"itemListElement\":[{\"@type\":\"ListItem\",\"position\":1,\"name\":\"Startseite\",\"item\":\"https:\\\/\\\/www.sprachschule-aktiv.at\\\/es\\\/\"},{\"@type\":\"ListItem\",\"position\":2,\"name\":\"Home\"}]},{\"@type\":\"WebSite\",\"@id\":\"https:\\\/\\\/www.sprachschule-aktiv.at\\\/#website\",\"url\":\"https:\\\/\\\/www.sprachschule-aktiv.at\\\/\",\"name\":\"Sprachschule Aktiv AT\",\"description\":\"\",\"potentialAction\":[{\"@type\":\"SearchAction\",\"target\":{\"@type\":\"EntryPoint\",\"urlTemplate\":\"https:\\\/\\\/www.sprachschule-aktiv.at\\\/?s={search_term_string}\"},\"query-input\":{\"@type\":\"PropertyValueSpecification\",\"valueRequired\":true,\"valueName\":\"search_term_string\"}}],\"inLanguage\":\"es\"}]}<\/script>\n<!-- \/ Yoast SEO plugin. -->","yoast_head_json":{"title":"Cursos de alem\u00e1n en Austria: Viena, Graz, Linz, Salzburgo","description":"Descubre los mejores cursos de alem\u00e1n en toda Austria: Cursos intensivos A1-C2, clases particulares, online y \u00d6IF & \u00d6SD.","robots":{"index":"index","follow":"follow","max-snippet":"max-snippet:-1","max-image-preview":"max-image-preview:large","max-video-preview":"max-video-preview:-1"},"canonical":"https:\/\/www.sprachschule-aktiv.at\/es\/","og_locale":"es_ES","og_type":"article","og_title":"Cursos de alem\u00e1n en Austria: Viena, Graz, Linz, Salzburgo","og_description":"Descubre los mejores cursos de alem\u00e1n en toda Austria: Cursos intensivos A1-C2, clases particulares, online y \u00d6IF & \u00d6SD.","og_url":"https:\/\/www.sprachschule-aktiv.at\/es\/","og_site_name":"Sprachschule Aktiv AT","article_modified_time":"2024-01-10T05:01:03+00:00","og_image":[{"url":"https:\/\/www.sprachschule-aktiv.at\/wp-content\/uploads\/2024\/01\/unsere-deutschkurse-in-ganz-oesterreich.webp","type":"","width":"","height":""}],"twitter_card":"summary_large_image","twitter_misc":{"Tiempo de lectura":"7 minutos"},"schema":{"@context":"https:\/\/schema.org","@graph":[{"@type":"WebPage","@id":"https:\/\/www.sprachschule-aktiv.at\/es\/","url":"https:\/\/www.sprachschule-aktiv.at\/es\/","name":"Cursos de alem\u00e1n en Austria: Viena, Graz, Linz, Salzburgo","isPartOf":{"@id":"https:\/\/www.sprachschule-aktiv.at\/#website"},"datePublished":"2021-11-29T13:07:14+00:00","dateModified":"2024-01-10T05:01:03+00:00","description":"Descubre los mejores cursos de alem\u00e1n en toda Austria: Cursos intensivos A1-C2, clases particulares, online y \u00d6IF & \u00d6SD.","breadcrumb":{"@id":"https:\/\/www.sprachschule-aktiv.at\/es\/#breadcrumb"},"inLanguage":"es","potentialAction":[{"@type":"ReadAction","target":["https:\/\/www.sprachschule-aktiv.at\/es\/"]}]},{"@type":"BreadcrumbList","@id":"https:\/\/www.sprachschule-aktiv.at\/es\/#breadcrumb","itemListElement":[{"@type":"ListItem","position":1,"name":"Startseite","item":"https:\/\/www.sprachschule-aktiv.at\/es\/"},{"@type":"ListItem","position":2,"name":"Home"}]},{"@type":"WebSite","@id":"https:\/\/www.sprachschule-aktiv.at\/#website","url":"https:\/\/www.sprachschule-aktiv.at\/","name":"Sprachschule Aktiv AT","description":"","potentialAction":[{"@type":"SearchAction","target":{"@type":"EntryPoint","urlTemplate":"https:\/\/www.sprachschule-aktiv.at\/?s={search_term_string}"},"query-input":{"@type":"PropertyValueSpecification","valueRequired":true,"valueName":"search_term_string"}}],"inLanguage":"es"}]}},"_links":{"self":[{"href":"https:\/\/www.sprachschule-aktiv.at\/es\/wp-json\/wp\/v2\/pages\/2650","targetHints":{"allow":["GET"]}}],"collection":[{"href":"https:\/\/www.sprachschule-aktiv.at\/es\/wp-json\/wp\/v2\/pages"}],"about":[{"href":"https:\/\/www.sprachschule-aktiv.at\/es\/wp-json\/wp\/v2\/types\/page"}],"author":[{"embeddable":true,"href":"https:\/\/www.sprachschule-aktiv.at\/es\/wp-json\/wp\/v2\/users\/1"}],"replies":[{"embeddable":true,"href":"https:\/\/www.sprachschule-aktiv.at\/es\/wp-json\/wp\/v2\/comments?post=2650"}],"version-history":[{"count":13,"href":"https:\/\/www.sprachschule-aktiv.at\/es\/wp-json\/wp\/v2\/pages\/2650\/revisions"}],"predecessor-version":[{"id":2968,"href":"https:\/\/www.sprachschule-aktiv.at\/es\/wp-json\/wp\/v2\/pages\/2650\/revisions\/2968"}],"wp:attachment":[{"href":"https:\/\/www.sprachschule-aktiv.at\/es\/wp-json\/wp\/v2\/media?parent=2650"}],"curies":[{"name":"wp","href":"https:\/\/api.w.org\/{rel}","templated":true}]}}