{"id":2702,"date":"2021-12-01T12:07:35","date_gmt":"2021-12-01T11:07:35","guid":{"rendered":"https:\/\/www.sprachschule-aktiv.at\/kontakt\/"},"modified":"2024-01-10T06:07:50","modified_gmt":"2024-01-10T05:07:50","slug":"contactar","status":"publish","type":"page","link":"https:\/\/www.sprachschule-aktiv.at\/es\/contactar\/","title":{"rendered":"Contacta con nosotros: por WhatsApp o por este formulario"},"content":{"rendered":"<p>[vc_row css=&#8221;.vc_custom_1638362017674{margin-top: 30px !important;padding-bottom: 15px !important;}&#8221;][vc_column][vc_column_text]Bienvenido\/a a nuestra escuela de idiomas en Austria. Estamos encantados de ser parte de tu aventura en el aprendizaje de idiomas. \u00bfTienes preguntas sobre nuestros cursos, ubicaciones o necesitas m\u00e1s informaci\u00f3n? \u00a1No dudes en ponerte en contacto con nosotros! Nuestro equipo est\u00e1 aqu\u00ed para ayudarte. Puedes escribirnos un correo electr\u00f3nico, llamarnos o visitarnos en persona. Estamos emocionados de conocerte y trabajar juntos para alcanzar tus metas en el aprendizaje de idiomas.[\/vc_column_text][\/vc_column][\/vc_row][vc_row full_width=&#8221;stretch_row&#8221; css=&#8221;.vc_custom_1638362010314{padding-top: 15px !important;padding-bottom: 15px !important;}&#8221;][vc_column width=&#8221;2\/3&#8243;][vc_column_text]<\/p>\n<h2>Formulario de contacto<\/h2>\n<div class=\"wpcf7 no-js\" id=\"wpcf7-f2725-o1\" lang=\"de-DE\" dir=\"ltr\" data-wpcf7-id=\"2725\">\n<div class=\"screen-reader-response\"><p role=\"status\" aria-live=\"polite\" aria-atomic=\"true\"><\/p> <ul><\/ul><\/div>\n<form action=\"\/es\/wp-json\/wp\/v2\/pages\/2702#wpcf7-f2725-o1\" method=\"post\" class=\"wpcf7-form init wpcf7-acceptance-as-validation\" aria-label=\"Kontaktformular\" novalidate=\"novalidate\" data-status=\"init\">\n<fieldset class=\"hidden-fields-container\"><input type=\"hidden\" name=\"_wpcf7\" value=\"2725\" \/><input type=\"hidden\" name=\"_wpcf7_version\" value=\"6.1.5\" \/><input type=\"hidden\" name=\"_wpcf7_locale\" value=\"de_DE\" \/><input type=\"hidden\" name=\"_wpcf7_unit_tag\" value=\"wpcf7-f2725-o1\" \/><input type=\"hidden\" name=\"_wpcf7_container_post\" value=\"0\" \/><input type=\"hidden\" name=\"_wpcf7_posted_data_hash\" value=\"\" \/><input type=\"hidden\" name=\"_wpcf7cf_hidden_group_fields\" value=\"[]\" \/><input type=\"hidden\" name=\"_wpcf7cf_hidden_groups\" value=\"[]\" \/><input type=\"hidden\" name=\"_wpcf7cf_visible_groups\" value=\"[]\" \/><input type=\"hidden\" name=\"_wpcf7cf_repeaters\" value=\"[]\" \/><input type=\"hidden\" name=\"_wpcf7cf_steps\" value=\"{}\" \/><input type=\"hidden\" name=\"_wpcf7cf_options\" value=\"{&quot;form_id&quot;:2725,&quot;conditions&quot;:[],&quot;settings&quot;:{&quot;animation&quot;:&quot;yes&quot;,&quot;animation_intime&quot;:200,&quot;animation_outtime&quot;:200,&quot;conditions_ui&quot;:&quot;normal&quot;,&quot;notice_dismissed&quot;:false}}\" \/><input type=\"hidden\" name=\"_wpcf7_recaptcha_response\" value=\"\" \/>\n<\/fieldset>\n<p><span class=\"wpcf7-form-control-wrap\" data-name=\"Firma\"><input size=\"40\" maxlength=\"400\" class=\"wpcf7-form-control wpcf7-text fullwidth\" aria-invalid=\"false\" placeholder=\"Empresa\" value=\"\" type=\"text\" name=\"Firma\" \/><\/span>\n<\/p>\n<p>Tratamiento: <span class=\"wpcf7-form-control-wrap\" data-name=\"Sexo\"><select class=\"wpcf7-form-control wpcf7-select\" aria-invalid=\"false\" name=\"Sexo\"><option value=\"\">&#8211; Bitte ausw\u00e4hlen &#8211;<\/option><option value=\"Se\u00f1ora\">Se\u00f1ora<\/option><option value=\"Se\u00f1or\">Se\u00f1or<\/option><\/select><\/span>\n<\/p>\n<p><span class=\"wpcf7-form-control-wrap\" data-name=\"Vorname\"><input size=\"40\" maxlength=\"400\" class=\"wpcf7-form-control wpcf7-text wpcf7-validates-as-required fullwidth\" aria-required=\"true\" aria-invalid=\"false\" placeholder=\"Nombre\" value=\"\" type=\"text\" name=\"Vorname\" \/><\/span>\n<\/p>\n<p><span class=\"wpcf7-form-control-wrap\" data-name=\"Nachname\"><input size=\"40\" maxlength=\"400\" class=\"wpcf7-form-control wpcf7-text wpcf7-validates-as-required fullwidth\" aria-required=\"true\" aria-invalid=\"false\" placeholder=\"Apellidos\" value=\"\" type=\"text\" name=\"Nachname\" \/><\/span>\n<\/p>\n<p><span class=\"wpcf7-form-control-wrap\" data-name=\"email\"><input size=\"40\" maxlength=\"400\" class=\"wpcf7-form-control wpcf7-email wpcf7-validates-as-required wpcf7-text wpcf7-validates-as-email fullwidth\" aria-required=\"true\" aria-invalid=\"false\" placeholder=\"Direcci\u00f3n de E-mail\" value=\"\" type=\"email\" name=\"email\" \/><\/span>\n<\/p>\n<p><span class=\"wpcf7-form-control-wrap\" data-name=\"Telefon\"><input size=\"40\" maxlength=\"400\" class=\"wpcf7-form-control wpcf7-text wpcf7-validates-as-required fullwidth\" aria-required=\"true\" aria-invalid=\"false\" placeholder=\"Tel\u00e9fono\" value=\"\" type=\"text\" name=\"Telefon\" \/><\/span>\n<\/p>\n<p>Asaunto: <span class=\"wpcf7-form-control-wrap\" data-name=\"Betreff\"><select class=\"wpcf7-form-control wpcf7-select wpcf7-validates-as-required\" aria-required=\"true\" aria-invalid=\"false\" name=\"Betreff\"><option value=\"\">&#8211; Bitte ausw\u00e4hlen &#8211;<\/option><option value=\"Cursos intensivos\">Cursos intensivos<\/option><option value=\"Cursos en grupo\">Cursos en grupo<\/option><option value=\"Cursos nocturnos\">Cursos nocturnos<\/option><option value=\"Cursos privados\">Cursos privados<\/option><option value=\"Otras cuestiones\">Otras cuestiones<\/option><\/select><\/span>\n<\/p>\n<p><span class=\"wpcf7-form-control-wrap\" data-name=\"message\"><textarea cols=\"200\" rows=\"7\" maxlength=\"2000\" class=\"wpcf7-form-control wpcf7-textarea\" aria-invalid=\"false\" placeholder=\"Consulta\" name=\"message\"><\/textarea><\/span>\n<\/p>\n<div style=\"\">\n\t<p><span class=\"wpcf7-form-control-wrap\" data-name=\"agb\"><span class=\"wpcf7-form-control wpcf7-acceptance\"><span class=\"wpcf7-list-item\"><input type=\"checkbox\" name=\"agb\" value=\"1\" aria-invalid=\"false\" \/><\/span><\/span><\/span> (*) Acepto haber le\u00eddo y aceptado los <a href=\"\/agb\/\" target=\"_blank\">t\u00e9rminos legales<\/a> y la <a href=\"\/datenschutz-sprachschule\/\" target=\"_blank\">pol\u00edtica de privacidad de datos<\/a>.\n\t<\/p>\n<\/div>\n<p><input class=\"wpcf7-form-control wpcf7-submit has-spinner fullwidth\" type=\"submit\" value=\"Enviar\" \/>\n<\/p><div class=\"wpcf7-response-output\" aria-hidden=\"true\"><\/div>\n<\/form>\n<\/div>\n[\/vc_column_text][\/vc_column][vc_column width=&#8221;1\/3&#8243;][vc_column_text]<\/p>\n<h2>Sprachschule Aktiv &#8211; Austria<\/h2>\n<h2>Contacto<\/h2>\n<p>Tel\u00e9fono y WhatsApp: +49-1758947710<br \/>\n<a href=\"mailto:info@sprachschule-aktiv.at\">info@sprachschule-aktiv.at<\/a><br \/>\nwww.sprachschule-aktiv.at[\/vc_column_text][\/vc_column][\/vc_row]<\/p>\n","protected":false},"excerpt":{"rendered":"<p>[vc_row css=&#8221;.vc_custom_1638362017674{margin-top: 30px !important;padding-bottom: 15px !important;}&#8221;][vc_column][vc_column_text]Bienvenido\/a a nuestra escuela de idiomas en Austria. Estamos encantados de ser parte de tu aventura en el aprendizaje de idiomas. \u00bfTienes preguntas sobre nuestros cursos, ubicaciones o necesitas m\u00e1s informaci\u00f3n? \u00a1No dudes en ponerte en contacto con nosotros! Nuestro equipo est\u00e1 aqu\u00ed para ayudarte. Puedes escribirnos un correo electr\u00f3nico,&hellip; <a class=\"read-more\" href=\"https:\/\/www.sprachschule-aktiv.at\/es\/contactar\/\" title=\"Read Contacta con nosotros: por WhatsApp o por este formulario\">Read more &raquo;<\/a><\/p>\n","protected":false},"author":1,"featured_media":0,"parent":0,"menu_order":0,"comment_status":"closed","ping_status":"closed","template":"","meta":{"footnotes":""},"class_list":["post-2702","page","type-page","status-publish","hentry"],"yoast_head":"<!-- This site is optimized with the Yoast SEO plugin v27.4 - https:\/\/yoast.com\/product\/yoast-seo-wordpress\/ -->\n<title>Contacta con nosotros por este formulario<\/title>\n<meta name=\"description\" content=\"Tienes preguntas sobre los cursos de alem\u00e1n en Austria. Contacta con nosotros: por WhatsApp o por este formulario.\" \/>\n<meta name=\"robots\" content=\"index, follow, max-snippet:-1, max-image-preview:large, max-video-preview:-1\" \/>\n<link rel=\"canonical\" href=\"https:\/\/www.sprachschule-aktiv.at\/es\/contactar\/\" \/>\n<meta property=\"og:locale\" content=\"es_ES\" \/>\n<meta property=\"og:type\" content=\"article\" \/>\n<meta property=\"og:title\" content=\"Contacta con nosotros por este formulario\" \/>\n<meta property=\"og:description\" content=\"Tienes preguntas sobre los cursos de alem\u00e1n en Austria. Contacta con nosotros: por WhatsApp o por este formulario.\" \/>\n<meta property=\"og:url\" content=\"https:\/\/www.sprachschule-aktiv.at\/es\/contactar\/\" \/>\n<meta property=\"og:site_name\" content=\"Sprachschule Aktiv AT\" \/>\n<meta property=\"article:modified_time\" content=\"2024-01-10T05:07:50+00:00\" \/>\n<meta name=\"twitter:card\" content=\"summary_large_image\" \/>\n<meta name=\"twitter:label1\" content=\"Tiempo de lectura\" \/>\n\t<meta name=\"twitter:data1\" content=\"1 minuto\" \/>\n<script type=\"application\/ld+json\" class=\"yoast-schema-graph\">{\"@context\":\"https:\\\/\\\/schema.org\",\"@graph\":[{\"@type\":\"WebPage\",\"@id\":\"https:\\\/\\\/www.sprachschule-aktiv.at\\\/es\\\/contactar\\\/\",\"url\":\"https:\\\/\\\/www.sprachschule-aktiv.at\\\/es\\\/contactar\\\/\",\"name\":\"Contacta con nosotros por este formulario\",\"isPartOf\":{\"@id\":\"https:\\\/\\\/www.sprachschule-aktiv.at\\\/#website\"},\"datePublished\":\"2021-12-01T11:07:35+00:00\",\"dateModified\":\"2024-01-10T05:07:50+00:00\",\"description\":\"Tienes preguntas sobre los cursos de alem\u00e1n en Austria. Contacta con nosotros: por WhatsApp o por este formulario.\",\"breadcrumb\":{\"@id\":\"https:\\\/\\\/www.sprachschule-aktiv.at\\\/es\\\/contactar\\\/#breadcrumb\"},\"inLanguage\":\"es\",\"potentialAction\":[{\"@type\":\"ReadAction\",\"target\":[\"https:\\\/\\\/www.sprachschule-aktiv.at\\\/es\\\/contactar\\\/\"]}]},{\"@type\":\"BreadcrumbList\",\"@id\":\"https:\\\/\\\/www.sprachschule-aktiv.at\\\/es\\\/contactar\\\/#breadcrumb\",\"itemListElement\":[{\"@type\":\"ListItem\",\"position\":1,\"name\":\"Startseite\",\"item\":\"https:\\\/\\\/www.sprachschule-aktiv.at\\\/es\\\/\"},{\"@type\":\"ListItem\",\"position\":2,\"name\":\"Contacta con nosotros: por WhatsApp o por este formulario\"}]},{\"@type\":\"WebSite\",\"@id\":\"https:\\\/\\\/www.sprachschule-aktiv.at\\\/#website\",\"url\":\"https:\\\/\\\/www.sprachschule-aktiv.at\\\/\",\"name\":\"Sprachschule Aktiv AT\",\"description\":\"\",\"potentialAction\":[{\"@type\":\"SearchAction\",\"target\":{\"@type\":\"EntryPoint\",\"urlTemplate\":\"https:\\\/\\\/www.sprachschule-aktiv.at\\\/?s={search_term_string}\"},\"query-input\":{\"@type\":\"PropertyValueSpecification\",\"valueRequired\":true,\"valueName\":\"search_term_string\"}}],\"inLanguage\":\"es\"}]}<\/script>\n<!-- \/ Yoast SEO plugin. -->","yoast_head_json":{"title":"Contacta con nosotros por este formulario","description":"Tienes preguntas sobre los cursos de alem\u00e1n en Austria. Contacta con nosotros: por WhatsApp o por este formulario.","robots":{"index":"index","follow":"follow","max-snippet":"max-snippet:-1","max-image-preview":"max-image-preview:large","max-video-preview":"max-video-preview:-1"},"canonical":"https:\/\/www.sprachschule-aktiv.at\/es\/contactar\/","og_locale":"es_ES","og_type":"article","og_title":"Contacta con nosotros por este formulario","og_description":"Tienes preguntas sobre los cursos de alem\u00e1n en Austria. Contacta con nosotros: por WhatsApp o por este formulario.","og_url":"https:\/\/www.sprachschule-aktiv.at\/es\/contactar\/","og_site_name":"Sprachschule Aktiv AT","article_modified_time":"2024-01-10T05:07:50+00:00","twitter_card":"summary_large_image","twitter_misc":{"Tiempo de lectura":"1 minuto"},"schema":{"@context":"https:\/\/schema.org","@graph":[{"@type":"WebPage","@id":"https:\/\/www.sprachschule-aktiv.at\/es\/contactar\/","url":"https:\/\/www.sprachschule-aktiv.at\/es\/contactar\/","name":"Contacta con nosotros por este formulario","isPartOf":{"@id":"https:\/\/www.sprachschule-aktiv.at\/#website"},"datePublished":"2021-12-01T11:07:35+00:00","dateModified":"2024-01-10T05:07:50+00:00","description":"Tienes preguntas sobre los cursos de alem\u00e1n en Austria. Contacta con nosotros: por WhatsApp o por este formulario.","breadcrumb":{"@id":"https:\/\/www.sprachschule-aktiv.at\/es\/contactar\/#breadcrumb"},"inLanguage":"es","potentialAction":[{"@type":"ReadAction","target":["https:\/\/www.sprachschule-aktiv.at\/es\/contactar\/"]}]},{"@type":"BreadcrumbList","@id":"https:\/\/www.sprachschule-aktiv.at\/es\/contactar\/#breadcrumb","itemListElement":[{"@type":"ListItem","position":1,"name":"Startseite","item":"https:\/\/www.sprachschule-aktiv.at\/es\/"},{"@type":"ListItem","position":2,"name":"Contacta con nosotros: por WhatsApp o por este formulario"}]},{"@type":"WebSite","@id":"https:\/\/www.sprachschule-aktiv.at\/#website","url":"https:\/\/www.sprachschule-aktiv.at\/","name":"Sprachschule Aktiv AT","description":"","potentialAction":[{"@type":"SearchAction","target":{"@type":"EntryPoint","urlTemplate":"https:\/\/www.sprachschule-aktiv.at\/?s={search_term_string}"},"query-input":{"@type":"PropertyValueSpecification","valueRequired":true,"valueName":"search_term_string"}}],"inLanguage":"es"}]}},"_links":{"self":[{"href":"https:\/\/www.sprachschule-aktiv.at\/es\/wp-json\/wp\/v2\/pages\/2702","targetHints":{"allow":["GET"]}}],"collection":[{"href":"https:\/\/www.sprachschule-aktiv.at\/es\/wp-json\/wp\/v2\/pages"}],"about":[{"href":"https:\/\/www.sprachschule-aktiv.at\/es\/wp-json\/wp\/v2\/types\/page"}],"author":[{"embeddable":true,"href":"https:\/\/www.sprachschule-aktiv.at\/es\/wp-json\/wp\/v2\/users\/1"}],"replies":[{"embeddable":true,"href":"https:\/\/www.sprachschule-aktiv.at\/es\/wp-json\/wp\/v2\/comments?post=2702"}],"version-history":[{"count":5,"href":"https:\/\/www.sprachschule-aktiv.at\/es\/wp-json\/wp\/v2\/pages\/2702\/revisions"}],"predecessor-version":[{"id":2969,"href":"https:\/\/www.sprachschule-aktiv.at\/es\/wp-json\/wp\/v2\/pages\/2702\/revisions\/2969"}],"wp:attachment":[{"href":"https:\/\/www.sprachschule-aktiv.at\/es\/wp-json\/wp\/v2\/media?parent=2702"}],"curies":[{"name":"wp","href":"https:\/\/api.w.org\/{rel}","templated":true}]}}