{"id":2937,"date":"2021-11-29T14:07:14","date_gmt":"2021-11-29T13:07:14","guid":{"rendered":"https:\/\/www.sprachschule-aktiv.at\/home\/"},"modified":"2026-04-09T07:21:40","modified_gmt":"2026-04-09T05:21:40","slug":"home","status":"publish","type":"page","link":"https:\/\/www.sprachschule-aktiv.at\/it\/","title":{"rendered":"Home"},"content":{"rendered":"<p>[vc_row full_width=&#8221;stretch_row_content_no_spaces&#8221; content_placement=&#8221;middle&#8221; css=&#8221;.vc_custom_1704705771608{background-color: #efedee !important;background-position: 0 0 !important;background-repeat: repeat !important;}&#8221;][vc_column width=&#8221;1\/2&#8243;][vc_single_image image=&#8221;2934&#8243; img_size=&#8221;full&#8221; alignment=&#8221;center&#8221;][\/vc_column][vc_column width=&#8221;1\/2&#8243; css=&#8221;.vc_custom_1609834442227{background-position: center !important;background-repeat: no-repeat !important;background-size: contain !important;}&#8221;][vc_column_text css=&#8221;.vc_custom_1704823755434{margin-left: 15px !important;}&#8221;]<\/p>\n<div class=\"titulointro\" style=\"text-align: center;\"><span style=\"color: #000000;\"><span style=\"font-size: 40px; line-height: 1;\"><strong>Tutto sui corsi di tedesco in Austria\u00a0<\/strong><\/span><\/span><\/div>\n<p>[\/vc_column_text][vc_row_inner css=&#8221;.vc_custom_1609833991579{margin-top: 10px !important;}&#8221;][vc_column_inner]\t<div class=\"vc_btn3-container vc_btn3-center\">\n\t\t<a href=\"https:\/\/www.sprachschule-aktiv.at\/it\/contattaci\/\" class=\"pgs_btn pgs_btn_style_1 pgs_btn_xl  vc_custom_1704823807222\">\n\t\t\t<span>\n\t\t\t\tContattaci\t\t\t<\/span>\n\t\t\t\t\t\t<i class=\"fas fa-angle-double-right\"><\/i>\n\t\t\t\t\t<\/a>\n\t<\/div>\n\t\t<div class=\"vc_btn3-container vc_btn3-center\">\n\t\t<a href=\"https:\/\/www.sprachschule-aktiv.at\/it\/inscrizione-al-corso-tedesco\/\" class=\"pgs_btn pgs_btn_style_1 pgs_btn_lg  vc_custom_1704823882293\">\n\t\t\t<span>\n\t\t\t\tIscriviti ora\t\t\t<\/span>\n\t\t\t\t\t\t<i class=\"fas fa-angle-double-right\"><\/i>\n\t\t\t\t\t<\/a>\n\t<\/div>\n\t[\/vc_column_inner][\/vc_row_inner][\/vc_column][\/vc_row][vc_row type=&#8221;in_container&#8221; full_screen_row_position=&#8221;middle&#8221; scene_position=&#8221;center&#8221; text_color=&#8221;dark&#8221; text_align=&#8221;left&#8221; overlay_strength=&#8221;0.3&#8243; shape_divider_position=&#8221;bottom&#8221; css=&#8221;.vc_custom_1675840889443{margin-top: 30px !important;}&#8221;][vc_column column_padding=&#8221;no-extra-padding&#8221; column_padding_position=&#8221;all&#8221; background_color_opacity=&#8221;1&#8243; background_hover_color_opacity=&#8221;1&#8243; column_shadow=&#8221;none&#8221; column_border_radius=&#8221;none&#8221; tablet_text_alignment=&#8221;default&#8221; phone_text_alignment=&#8221;default&#8221; column_border_width=&#8221;none&#8221; column_border_style=&#8221;solid&#8221;][vc_column_text]<\/p>\n<h1>Corsi di tedesco in Austria: Impara con la Sprachschule Aktiv<\/h1>\n<h2>Corsi intensivi, lezioni private, corsi online e di preparazione \u00d6IF &amp; \u00d6SD<\/h2>\n<p>Scopri i migliori corsi di tedesco in Austria presso la scuola di tedesco <strong>&#8220;Sprachschule Aktiv&#8221;<\/strong>: corsi intensivi, lezioni private, corsi online e di preparazione \u00d6IF &amp; \u00d6SD disponibili. Offriamo un insegnamento di alta qualit\u00e0 in citt\u00e0 come Vienna, Innsbruck, Salisburgo, Graz e Linz, tra le altre. Impara il tedesco in modo rapido e interattivo con insegnanti esperti e in gruppi ridotti per una migliore attenzione personalizzata. Scopri la variet\u00e0 dei nostri corsi di tedesco in Austria e inizia la tua avventura linguistica con una lezione di prova gratuita. <strong>Prenota ora il tuo corso di tedesco!<\/strong>[\/vc_column_text]\t<div class=\"vc_btn3-container vc_btn3-inline\">\n\t\t<a href=\"https:\/\/www.sprachschule-aktiv.at\/it\/contattaci\/\" class=\"pgs_btn pgs_btn_style_1 pgs_btn_lg  vc_custom_1704823937969\">\n\t\t\t<span>\n\t\t\t\tContattaci\t\t\t<\/span>\n\t\t\t\t\t\t<i class=\"fas fa-angle-double-right\"><\/i>\n\t\t\t\t\t<\/a>\n\t<\/div>\n\t[vc_row_inner][vc_column_inner width=&#8221;1\/2&#8243;][vc_video link=&#8221;https:\/\/youtu.be\/JOvJI8b4z_E?si=Mh-S0-lV-LViocy1&#8243;][\/vc_column_inner][vc_column_inner width=&#8221;1\/2&#8243;][vc_video link=&#8221;https:\/\/youtu.be\/8FEh6N5gn7k?si=aYbaXCTaLXyeUOmO&#8221;][\/vc_column_inner][\/vc_row_inner][vc_column_text]<\/p>\n<h2>Tutto sui corsi di tedesco in Austria: Prezzi, date di inizio e scuole di lingue<\/h2>\n<p>[\/vc_column_text][vc_column_text]Scoprite tutto ci\u00f2 che c&#8217;\u00e8 da sapere sui corsi di lingua tedesca in Austria, dai costi alle date di inizio e alla vasta scelta di corsi disponibili. I nostri programmi completi offrono opzioni flessibili per tutti i livelli e le esigenze, sia per principianti che per avanzati. Informatevi sui prezzi accessibili, sulle date di inizio comode e trovate il corso perfetto che soddisfi i vostri obiettivi linguistici in Austria.<\/p>\n<p>Prenotate ora la vostra lezione di prova gratuita![\/vc_column_text][vc_row_inner][vc_column_inner][vc_column_text]<\/p>\n<h2>Panoramica dei nostri corsi di tedesco esclusivi in Austria<\/h2>\n<p>[\/vc_column_text][vc_column_text]Scoprite la nostra selezione di corsi di tedesco esclusivi in Austria, progettati specificamente per migliorare efficacemente le vostre competenze linguistiche. Dai corsi per principianti ai livelli avanzati, offriamo corsi di lingua tedesca su misura per le vostre esigenze individuali. I nostri esperti madrelingua guidano i corsi di tedesco, garantendo un&#8217;esperienza di apprendimento coinvolgente.[\/vc_column_text]\t<div class=\"vc_btn3-container vc_btn3-inline\">\n\t\t<a href=\"https:\/\/www.sprachschule-aktiv.at\/it\/contattaci\/\" class=\"pgs_btn pgs_btn_style_1 pgs_btn_lg  vc_custom_1704823937969\">\n\t\t\t<span>\n\t\t\t\tContattaci\t\t\t<\/span>\n\t\t\t\t\t\t<i class=\"fas fa-angle-double-right\"><\/i>\n\t\t\t\t\t<\/a>\n\t<\/div>\n\t[\/vc_column_inner][\/vc_row_inner][\/vc_column][\/vc_row][vc_row full_width=&#8221;stretch_row_content&#8221; content_placement=&#8221;middle&#8221; type=&#8221;in_container&#8221; full_screen_row_position=&#8221;middle&#8221; scene_position=&#8221;center&#8221; text_color=&#8221;dark&#8221; text_align=&#8221;left&#8221; overlay_strength=&#8221;0.3&#8243; shape_divider_position=&#8221;bottom&#8221; css=&#8221;.vc_custom_1638171250303{margin-top: 30px !important;padding-top: 0px !important;padding-bottom: 0px !important;background-color: #f8f8f8 !important;}&#8221;][vc_column width=&#8221;1\/2&#8243; column_padding=&#8221;no-extra-padding&#8221; column_padding_position=&#8221;all&#8221; background_color_opacity=&#8221;1&#8243; background_hover_color_opacity=&#8221;1&#8243; column_shadow=&#8221;none&#8221; column_border_radius=&#8221;none&#8221; tablet_text_alignment=&#8221;default&#8221; phone_text_alignment=&#8221;default&#8221; column_border_width=&#8221;none&#8221; column_border_style=&#8221;solid&#8221;][vc_single_image image=&#8221;2939&#8243; img_size=&#8221;full&#8221; alignment=&#8221;center&#8221;][\/vc_column][vc_column width=&#8221;1\/2&#8243;][vc_column_text]<\/p>\n<h2>Corsi intensivi di tedesco in tutta Austria \u2013 A1, A2, B1, B2, C1, C2 \u2013 in loco o online<\/h2>\n<p>Durata del corso: da 1 a 8 settimane<br \/>\nOrari: luned\u00ec a venerd\u00ec dalle 9:00 alle 12:00 o dalle 18:00 alle 21:00<br \/>\nNota: a partire da 5 persone: 3\u00d760 min al giorno, per 4 persone 2\u00d760 min al giorno<br \/>\nDate di inizio: ogni primo luned\u00ec del mese.<\/p>\n<p>Costi:<br \/>\n1 settimana: 199 euro<br \/>\n2 settimane: 349 euro<br \/>\n3 settimane: 449 euro<br \/>\n4 settimane: 499 euro<br \/>\n8 settimane: 998 euro[\/vc_column_text]\t<div class=\"vc_btn3-container vc_btn3-inline\">\n\t\t<a href=\"https:\/\/www.sprachschule-aktiv.at\/it\/inscrizione-al-corso-tedesco\/\" class=\"pgs_btn pgs_btn_style_1 pgs_btn_lg  vc_custom_1704823968790\">\n\t\t\t<span>\n\t\t\t\tIscriviti ora\t\t\t<\/span>\n\t\t\t\t\t\t<i class=\"fas fa-angle-double-right\"><\/i>\n\t\t\t\t\t<\/a>\n\t<\/div>\n\t[\/vc_column][\/vc_row][vc_row content_placement=&#8221;middle&#8221; type=&#8221;in_container&#8221; full_screen_row_position=&#8221;middle&#8221; scene_position=&#8221;center&#8221; text_color=&#8221;dark&#8221; text_align=&#8221;left&#8221; overlay_strength=&#8221;0.3&#8243; shape_divider_position=&#8221;bottom&#8221; css=&#8221;.vc_custom_1704788644852{padding-top: 35px !important;padding-bottom: 35px !important;}&#8221;][vc_column column_padding=&#8221;no-extra-padding&#8221; column_padding_position=&#8221;all&#8221; background_color_opacity=&#8221;1&#8243; background_hover_color_opacity=&#8221;1&#8243; column_shadow=&#8221;none&#8221; column_border_radius=&#8221;none&#8221; tablet_text_alignment=&#8221;default&#8221; phone_text_alignment=&#8221;default&#8221; column_border_width=&#8221;none&#8221; column_border_style=&#8221;solid&#8221; css=&#8221;.vc_custom_1704788608027{background-color: #f8f8f8 !important;}&#8221;][vc_column_text css=&#8221;.vc_custom_1704824161175{padding-left: 30px !important;}&#8221;]<\/p>\n<h2>Corsi serali di tedesco \u2013 in loco o online<\/h2>\n<p>Costo: 279 euro<br \/>\nInizio: il primo luned\u00ec o marted\u00ec del mese<br \/>\nOrari: luned\u00ec e mercoled\u00ec \/ marted\u00ec e gioved\u00ec, 17:30-19:00 o 19:00-20:30<br \/>\nDurata del corso:<br \/>\nCon 4 persone = 24 unit\u00e0 di 45 minuti (6 settimane)<br \/>\nCon 3 persone = 20 unit\u00e0 di 45 minuti (5 settimane)<br \/>\nCon 2 persone = 16 unit\u00e0 di 45 minuti (4 settimane)<br \/>\nPrezzo: 279 euro[\/vc_column_text]\t<div class=\"vc_btn3-container vc_btn3-inline\">\n\t\t<a href=\"https:\/\/www.sprachschule-aktiv.at\/it\/inscrizione-al-corso-tedesco\/\" class=\"pgs_btn pgs_btn_style_1 pgs_btn_lg  vc_custom_1704823968790\">\n\t\t\t<span>\n\t\t\t\tIscriviti ora\t\t\t<\/span>\n\t\t\t\t\t\t<i class=\"fas fa-angle-double-right\"><\/i>\n\t\t\t\t\t<\/a>\n\t<\/div>\n\t[\/vc_column][\/vc_row][vc_row content_placement=&#8221;middle&#8221; type=&#8221;in_container&#8221; full_screen_row_position=&#8221;middle&#8221; scene_position=&#8221;center&#8221; text_color=&#8221;dark&#8221; text_align=&#8221;left&#8221; overlay_strength=&#8221;0.3&#8243; shape_divider_position=&#8221;bottom&#8221; css=&#8221;.vc_custom_1704788875423{margin-top: 10px !important;padding-top: 35px !important;padding-bottom: 35px !important;}&#8221;][vc_column column_padding=&#8221;no-extra-padding&#8221; column_padding_position=&#8221;all&#8221; background_color_opacity=&#8221;1&#8243; background_hover_color_opacity=&#8221;1&#8243; column_shadow=&#8221;none&#8221; column_border_radius=&#8221;none&#8221; tablet_text_alignment=&#8221;default&#8221; phone_text_alignment=&#8221;default&#8221; column_border_width=&#8221;none&#8221; column_border_style=&#8221;solid&#8221; css=&#8221;.vc_custom_1704788608027{background-color: #f8f8f8 !important;}&#8221;][vc_column_text css=&#8221;.vc_custom_1704824184184{margin-top: 10px !important;padding-left: 30px !important;}&#8221;]<\/p>\n<h2>Lezioni private di tedesco in tutta Austria \u2013 in loco, online, a casa vostra<\/h2>\n<p>Quanto costa una lezione privata?<br \/>\nPrezzo per unit\u00e0 di 45 minuti \u2013 Pi\u00f9 ore prenotate, pi\u00f9 economico \u00e8!<\/p>\n<p>A partire da 10 unit\u00e0: 48 euro per unit\u00e0<br \/>\nA partire da 20 unit\u00e0: 45 euro per unit\u00e0<br \/>\nA partire da 50 unit\u00e0: 40 euro per unit\u00e0<br \/>\nA partire da 80 unit\u00e0: 38 euro per unit\u00e0[\/vc_column_text]\t<div class=\"vc_btn3-container vc_btn3-inline\">\n\t\t<a href=\"https:\/\/www.sprachschule-aktiv.at\/it\/inscrizione-al-corso-tedesco\/\" class=\"pgs_btn pgs_btn_style_1 pgs_btn_lg  vc_custom_1704823968790\">\n\t\t\t<span>\n\t\t\t\tIscriviti ora\t\t\t<\/span>\n\t\t\t\t\t\t<i class=\"fas fa-angle-double-right\"><\/i>\n\t\t\t\t\t<\/a>\n\t<\/div>\n\t[\/vc_column][\/vc_row][vc_row full_width=&#8221;stretch_row_content&#8221; content_placement=&#8221;middle&#8221; type=&#8221;in_container&#8221; full_screen_row_position=&#8221;middle&#8221; scene_position=&#8221;center&#8221; text_color=&#8221;dark&#8221; text_align=&#8221;left&#8221; overlay_strength=&#8221;0.3&#8243; shape_divider_position=&#8221;bottom&#8221; css=&#8221;.vc_custom_1602744837410{background-color: #f8f8f8 !important;}&#8221;][vc_column width=&#8221;1\/2&#8243; column_padding=&#8221;no-extra-padding&#8221; column_padding_position=&#8221;all&#8221; background_color_opacity=&#8221;1&#8243; background_hover_color_opacity=&#8221;1&#8243; column_shadow=&#8221;none&#8221; column_border_radius=&#8221;none&#8221; tablet_text_alignment=&#8221;default&#8221; phone_text_alignment=&#8221;default&#8221; column_border_width=&#8221;none&#8221; column_border_style=&#8221;solid&#8221;][vc_single_image image=&#8221;2943&#8243; img_size=&#8221;full&#8221; alignment=&#8221;center&#8221;][\/vc_column][vc_column width=&#8221;1\/2&#8243;][vc_column_text css=&#8221;.vc_custom_1704824203446{margin-bottom: 40px !important;}&#8221;]<\/p>\n<h2>Corsi di tedesco \u00d6IF\/\u00d6SD<\/h2>\n<p>Vi prepariamo agli esami del Fondo Integrativo Austriaco (\u00d6IF), che si svolgono ai livelli A1 a B2, e all&#8217;esame \u00d6SD al livello C1.<br \/>\nDurata del corso: 4 o 8 settimane<br \/>\nLivelli: da A1 a C2<br \/>\nOrari: da luned\u00ec a venerd\u00ec, 8:00\u201311:00, 11:00\u201314:00, 14:00-17:00, 18:00\u201321:00<br \/>\nNota: a partire da 5 persone: 3\u00d760 min al giorno, per 4 persone 2\u00d760 min al giorno<br \/>\nPrezzi:<br \/>\n4 settimane: 499 euro<br \/>\n8 settimane: 998 euro[\/vc_column_text]\t<div class=\"vc_btn3-container vc_btn3-inline\">\n\t\t<a href=\"https:\/\/www.sprachschule-aktiv.at\/it\/inscrizione-al-corso-tedesco\/\" class=\"pgs_btn pgs_btn_style_1 pgs_btn_lg  vc_custom_1704823968790\">\n\t\t\t<span>\n\t\t\t\tIscriviti ora\t\t\t<\/span>\n\t\t\t\t\t\t<i class=\"fas fa-angle-double-right\"><\/i>\n\t\t\t\t\t<\/a>\n\t<\/div>\n\t[\/vc_column][\/vc_row][vc_row type=&#8221;full_width_content&#8221; full_screen_row_position=&#8221;middle&#8221; bg_color=&#8221;#ffffff&#8221; scene_position=&#8221;center&#8221; text_color=&#8221;dark&#8221; text_align=&#8221;left&#8221; id=&#8221;section-zero&#8221; overlay_strength=&#8221;0.3&#8243; shape_divider_position=&#8221;bottom&#8221; shape_type=&#8221;&#8221; css=&#8221;.vc_custom_1638176127927{margin-top: 35px !important;background-color: #ffffff !important;}&#8221;][vc_column column_padding=&#8221;no-extra-padding&#8221; column_padding_position=&#8221;all&#8221; background_color_opacity=&#8221;1&#8243; background_hover_color_opacity=&#8221;1&#8243; column_shadow=&#8221;none&#8221; column_border_radius=&#8221;none&#8221; tablet_text_alignment=&#8221;default&#8221; phone_text_alignment=&#8221;default&#8221; column_border_width=&#8221;none&#8221; column_border_style=&#8221;solid&#8221;][vc_column_text]<\/p>\n<h2>Corsi di preparazione agli esami \u00d6IF e \u00d6SD (A1-C1)<\/h2>\n<p>Vi spieghiamo in anticipo come si svolger\u00e0 l&#8217;esame, vi mostriamo la sua struttura, su cosa concentrarvi e discutiamo le soluzioni dopo una prova pratica.<br \/>\nTipo di corso: lezione individuale<br \/>\nInizio del corso: su appuntamento<br \/>\nPrezzi e date:<br \/>\nCosto per unit\u00e0 di 45 minuti:<br \/>\nApprofittate dei nost<\/p>\n<p>ri prezzi scalati \u2013 pi\u00f9 unit\u00e0 prenotate, pi\u00f9 basso \u00e8 il prezzo per unit\u00e0!<br \/>\n\u2013 Per 10 unit\u00e0: 48 euro per unit\u00e0<br \/>\n\u2013 Per 20 unit\u00e0: 45 euro per unit\u00e0<br \/>\n\u2013 Per 50 unit\u00e0: 40 euro per unit\u00e0<br \/>\n\u2013 Per 80 unit\u00e0: 38 euro per unit\u00e0<br \/>\n[\/vc_column_text][\/vc_column][\/vc_row]<\/p>\n","protected":false},"excerpt":{"rendered":"<p>[vc_row full_width=&#8221;stretch_row_content_no_spaces&#8221; content_placement=&#8221;middle&#8221; css=&#8221;.vc_custom_1704705771608{background-color: #efedee !important;background-position: 0 0 !important;background-repeat: repeat !important;}&#8221;][vc_column width=&#8221;1\/2&#8243;][vc_single_image image=&#8221;2934&#8243; img_size=&#8221;full&#8221; alignment=&#8221;center&#8221;][\/vc_column][vc_column width=&#8221;1\/2&#8243; css=&#8221;.vc_custom_1609834442227{background-position: center !important;background-repeat: no-repeat !important;background-size: contain !important;}&#8221;][vc_column_text css=&#8221;.vc_custom_1704823755434{margin-left: 15px !important;}&#8221;] Tutto sui corsi di tedesco in Austria\u00a0 [\/vc_column_text][vc_row_inner css=&#8221;.vc_custom_1609833991579{margin-top: 10px !important;}&#8221;][vc_column_inner][\/vc_column_inner][\/vc_row_inner][\/vc_column][\/vc_row][vc_row type=&#8221;in_container&#8221; full_screen_row_position=&#8221;middle&#8221; scene_position=&#8221;center&#8221; text_color=&#8221;dark&#8221; text_align=&#8221;left&#8221; overlay_strength=&#8221;0.3&#8243; shape_divider_position=&#8221;bottom&#8221; css=&#8221;.vc_custom_1675840889443{margin-top: 30px !important;}&#8221;][vc_column column_padding=&#8221;no-extra-padding&#8221; column_padding_position=&#8221;all&#8221; background_color_opacity=&#8221;1&#8243; background_hover_color_opacity=&#8221;1&#8243; column_shadow=&#8221;none&#8221; column_border_radius=&#8221;none&#8221; tablet_text_alignment=&#8221;default&#8221; phone_text_alignment=&#8221;default&#8221;&hellip; <a class=\"read-more\" href=\"https:\/\/www.sprachschule-aktiv.at\/it\/\" title=\"Read Home\">Read more &raquo;<\/a><\/p>\n","protected":false},"author":1,"featured_media":0,"parent":0,"menu_order":0,"comment_status":"closed","ping_status":"closed","template":"","meta":{"footnotes":""},"class_list":["post-2937","page","type-page","status-publish","hentry"],"yoast_head":"<!-- This site is optimized with the Yoast SEO plugin v27.4 - https:\/\/yoast.com\/product\/yoast-seo-wordpress\/ -->\n<title>Corsi di tedesco in Austria: Impara con la Sprachschule Aktiv<\/title>\n<meta name=\"description\" content=\"Impara il tedesco in Austria con la Sprachschule Aktiv! Corsi dal livello A1 al C2, insegnanti esperti e piccoli gruppi. Prenota ora la tua prova gratuita!\" \/>\n<meta name=\"robots\" content=\"index, follow, max-snippet:-1, max-image-preview:large, max-video-preview:-1\" \/>\n<link rel=\"canonical\" href=\"https:\/\/www.sprachschule-aktiv.at\/it\/\" \/>\n<meta property=\"og:locale\" content=\"it_IT\" \/>\n<meta property=\"og:type\" content=\"article\" \/>\n<meta property=\"og:title\" content=\"Corsi di tedesco in Austria: Impara con la Sprachschule Aktiv\" \/>\n<meta property=\"og:description\" content=\"Impara il tedesco in Austria con la Sprachschule Aktiv! Corsi dal livello A1 al C2, insegnanti esperti e piccoli gruppi. Prenota ora la tua prova gratuita!\" \/>\n<meta property=\"og:url\" content=\"https:\/\/www.sprachschule-aktiv.at\/it\/\" \/>\n<meta property=\"og:site_name\" content=\"Sprachschule Aktiv AT\" \/>\n<meta property=\"article:modified_time\" content=\"2026-04-09T05:21:40+00:00\" \/>\n<meta name=\"twitter:card\" content=\"summary_large_image\" \/>\n<meta name=\"twitter:label1\" content=\"Tempo di lettura stimato\" \/>\n\t<meta name=\"twitter:data1\" content=\"6 minuti\" \/>\n<script type=\"application\/ld+json\" class=\"yoast-schema-graph\">{\"@context\":\"https:\\\/\\\/schema.org\",\"@graph\":[{\"@type\":\"WebPage\",\"@id\":\"https:\\\/\\\/www.sprachschule-aktiv.at\\\/it\\\/\",\"url\":\"https:\\\/\\\/www.sprachschule-aktiv.at\\\/it\\\/\",\"name\":\"Corsi di tedesco in Austria: Impara con la Sprachschule Aktiv\",\"isPartOf\":{\"@id\":\"https:\\\/\\\/www.sprachschule-aktiv.at\\\/#website\"},\"datePublished\":\"2021-11-29T13:07:14+00:00\",\"dateModified\":\"2026-04-09T05:21:40+00:00\",\"description\":\"Impara il tedesco in Austria con la Sprachschule Aktiv! Corsi dal livello A1 al C2, insegnanti esperti e piccoli gruppi. Prenota ora la tua prova gratuita!\",\"breadcrumb\":{\"@id\":\"https:\\\/\\\/www.sprachschule-aktiv.at\\\/it\\\/#breadcrumb\"},\"inLanguage\":\"it-IT\",\"potentialAction\":[{\"@type\":\"ReadAction\",\"target\":[\"https:\\\/\\\/www.sprachschule-aktiv.at\\\/it\\\/\"]}]},{\"@type\":\"BreadcrumbList\",\"@id\":\"https:\\\/\\\/www.sprachschule-aktiv.at\\\/it\\\/#breadcrumb\",\"itemListElement\":[{\"@type\":\"ListItem\",\"position\":1,\"name\":\"Startseite\",\"item\":\"https:\\\/\\\/www.sprachschule-aktiv.at\\\/it\\\/\"},{\"@type\":\"ListItem\",\"position\":2,\"name\":\"Home\"}]},{\"@type\":\"WebSite\",\"@id\":\"https:\\\/\\\/www.sprachschule-aktiv.at\\\/#website\",\"url\":\"https:\\\/\\\/www.sprachschule-aktiv.at\\\/\",\"name\":\"Sprachschule Aktiv AT\",\"description\":\"\",\"potentialAction\":[{\"@type\":\"SearchAction\",\"target\":{\"@type\":\"EntryPoint\",\"urlTemplate\":\"https:\\\/\\\/www.sprachschule-aktiv.at\\\/?s={search_term_string}\"},\"query-input\":{\"@type\":\"PropertyValueSpecification\",\"valueRequired\":true,\"valueName\":\"search_term_string\"}}],\"inLanguage\":\"it-IT\"}]}<\/script>\n<!-- \/ Yoast SEO plugin. -->","yoast_head_json":{"title":"Corsi di tedesco in Austria: Impara con la Sprachschule Aktiv","description":"Impara il tedesco in Austria con la Sprachschule Aktiv! Corsi dal livello A1 al C2, insegnanti esperti e piccoli gruppi. Prenota ora la tua prova gratuita!","robots":{"index":"index","follow":"follow","max-snippet":"max-snippet:-1","max-image-preview":"max-image-preview:large","max-video-preview":"max-video-preview:-1"},"canonical":"https:\/\/www.sprachschule-aktiv.at\/it\/","og_locale":"it_IT","og_type":"article","og_title":"Corsi di tedesco in Austria: Impara con la Sprachschule Aktiv","og_description":"Impara il tedesco in Austria con la Sprachschule Aktiv! Corsi dal livello A1 al C2, insegnanti esperti e piccoli gruppi. Prenota ora la tua prova gratuita!","og_url":"https:\/\/www.sprachschule-aktiv.at\/it\/","og_site_name":"Sprachschule Aktiv AT","article_modified_time":"2026-04-09T05:21:40+00:00","twitter_card":"summary_large_image","twitter_misc":{"Tempo di lettura stimato":"6 minuti"},"schema":{"@context":"https:\/\/schema.org","@graph":[{"@type":"WebPage","@id":"https:\/\/www.sprachschule-aktiv.at\/it\/","url":"https:\/\/www.sprachschule-aktiv.at\/it\/","name":"Corsi di tedesco in Austria: Impara con la Sprachschule Aktiv","isPartOf":{"@id":"https:\/\/www.sprachschule-aktiv.at\/#website"},"datePublished":"2021-11-29T13:07:14+00:00","dateModified":"2026-04-09T05:21:40+00:00","description":"Impara il tedesco in Austria con la Sprachschule Aktiv! Corsi dal livello A1 al C2, insegnanti esperti e piccoli gruppi. Prenota ora la tua prova gratuita!","breadcrumb":{"@id":"https:\/\/www.sprachschule-aktiv.at\/it\/#breadcrumb"},"inLanguage":"it-IT","potentialAction":[{"@type":"ReadAction","target":["https:\/\/www.sprachschule-aktiv.at\/it\/"]}]},{"@type":"BreadcrumbList","@id":"https:\/\/www.sprachschule-aktiv.at\/it\/#breadcrumb","itemListElement":[{"@type":"ListItem","position":1,"name":"Startseite","item":"https:\/\/www.sprachschule-aktiv.at\/it\/"},{"@type":"ListItem","position":2,"name":"Home"}]},{"@type":"WebSite","@id":"https:\/\/www.sprachschule-aktiv.at\/#website","url":"https:\/\/www.sprachschule-aktiv.at\/","name":"Sprachschule Aktiv AT","description":"","potentialAction":[{"@type":"SearchAction","target":{"@type":"EntryPoint","urlTemplate":"https:\/\/www.sprachschule-aktiv.at\/?s={search_term_string}"},"query-input":{"@type":"PropertyValueSpecification","valueRequired":true,"valueName":"search_term_string"}}],"inLanguage":"it-IT"}]}},"_links":{"self":[{"href":"https:\/\/www.sprachschule-aktiv.at\/it\/wp-json\/wp\/v2\/pages\/2937","targetHints":{"allow":["GET"]}}],"collection":[{"href":"https:\/\/www.sprachschule-aktiv.at\/it\/wp-json\/wp\/v2\/pages"}],"about":[{"href":"https:\/\/www.sprachschule-aktiv.at\/it\/wp-json\/wp\/v2\/types\/page"}],"author":[{"embeddable":true,"href":"https:\/\/www.sprachschule-aktiv.at\/it\/wp-json\/wp\/v2\/users\/1"}],"replies":[{"embeddable":true,"href":"https:\/\/www.sprachschule-aktiv.at\/it\/wp-json\/wp\/v2\/comments?post=2937"}],"version-history":[{"count":8,"href":"https:\/\/www.sprachschule-aktiv.at\/it\/wp-json\/wp\/v2\/pages\/2937\/revisions"}],"predecessor-version":[{"id":5534,"href":"https:\/\/www.sprachschule-aktiv.at\/it\/wp-json\/wp\/v2\/pages\/2937\/revisions\/5534"}],"wp:attachment":[{"href":"https:\/\/www.sprachschule-aktiv.at\/it\/wp-json\/wp\/v2\/media?parent=2937"}],"curies":[{"name":"wp","href":"https:\/\/api.w.org\/{rel}","templated":true}]}}